{"id":23,"date":"2024-01-31T20:20:01","date_gmt":"2024-01-31T19:20:01","guid":{"rendered":"https:\/\/bildungglobaldenken.de\/?page_id=23"},"modified":"2025-11-13T05:03:37","modified_gmt":"2025-11-13T04:03:37","slug":"projekte","status":"publish","type":"page","link":"https:\/\/sonjarichter.de\/en\/projekte\/","title":{"rendered":"Portfolio"},"content":{"rendered":"\t\t<div data-elementor-type=\"wp-page\" data-elementor-id=\"23\" class=\"elementor elementor-23\">\n\t\t\t\t<div class=\"elementor-element elementor-element-53d36b85 e-con-full e-flex e-con e-parent\" data-id=\"53d36b85\" data-element_type=\"container\" data-e-type=\"container\" id=\"projekte\" data-settings=\"{&quot;background_background&quot;:&quot;classic&quot;}\">\n\t\t<div class=\"elementor-element elementor-element-2d74650 e-con-full e-flex e-con e-child\" data-id=\"2d74650\" data-element_type=\"container\" data-e-type=\"container\" data-settings=\"{&quot;background_background&quot;:&quot;classic&quot;}\">\n\t\t\t\t<div class=\"elementor-element elementor-element-1dd1d116 animated-slow elementor-invisible elementor-widget elementor-widget-heading\" data-id=\"1dd1d116\" data-element_type=\"widget\" data-e-type=\"widget\" data-settings=\"{&quot;_animation&quot;:&quot;fadeInDown&quot;,&quot;_animation_delay&quot;:100}\" data-widget_type=\"heading.default\">\n\t\t\t\t<div class=\"elementor-widget-container\">\n\t\t\t\t\t<h1 class=\"elementor-heading-title elementor-size-default\">Portfolio<\/h1>\t\t\t\t<\/div>\n\t\t\t\t<\/div>\n\t\t\t\t<\/div>\n\t\t\t\t<\/div>\n\t\t<div class=\"elementor-element elementor-element-33e19663 e-flex e-con-boxed e-con e-parent\" data-id=\"33e19663\" data-element_type=\"container\" data-e-type=\"container\" data-settings=\"{&quot;background_background&quot;:&quot;classic&quot;}\">\n\t\t\t\t\t<div class=\"e-con-inner\">\n\t\t<div class=\"elementor-element elementor-element-60694229 e-con-full e-flex e-con e-child\" data-id=\"60694229\" data-element_type=\"container\" data-e-type=\"container\">\n\t\t\t\t<div class=\"elementor-element elementor-element-2ed69f60 elementor-widget elementor-widget-text-editor\" data-id=\"2ed69f60\" data-element_type=\"widget\" data-e-type=\"widget\" data-widget_type=\"text-editor.default\">\n\t\t\t\t<div class=\"elementor-widget-container\">\n\t\t\t\t\t\t\t\t\t<p>Meine Arbeits- und Forschungsschwerpunkte umfassen Bildungskonzepte rund um Globales Lernen, Bildung f\u00fcr nachhaltige Entwicklung, (Neuro-)diversit\u00e4t und Heterogenit\u00e4t in Schule, Politik und Zivilgesellschaft. Mit fundierter Regionalkompetenz zu Lateinamerika und Subsahara-Afrika bin ich nicht nur in Deutschland, sondern auch weltweit t\u00e4tig.<\/p>\n<p>Als freiberufliche Beraterin gestalte ich Fortbildungen f\u00fcr Lehrkr\u00e4fte sowie Fach- und F\u00fchrungskr\u00e4fte an der Schnittstelle Schule, Staat und Zivilgesellschaft. Ich begleite [international ausgerichtete] Organisationen und Programme bei Ver\u00e4nderungsprozessen in Richtung Nachhaltigkeit und Integration globaler Perspektiven.<\/p>\n<p>Hier geht&#8217;s zum Download meiner\u00a0<a href=\"#download\">Portfolio-Dokumente<\/a> (Wissenschaft &amp; Praxis)\u00a0\u2193<\/p>\t\t\t\t\t\t\t\t<\/div>\n\t\t\t\t<\/div>\n\t\t\t\t<\/div>\n\t\t\t\t\t<\/div>\n\t\t\t\t<\/div>\n\t\t<div class=\"elementor-element elementor-element-23d9946 e-flex e-con-boxed e-con e-parent\" data-id=\"23d9946\" data-element_type=\"container\" data-e-type=\"container\" id=\"forschung\">\n\t\t\t\t\t<div class=\"e-con-inner\">\n\t\t\t\t<div class=\"elementor-element elementor-element-168fe4e section-title-align-left section-title-style-style3 tpg-wrapper-align-left img_hover_animation_img_zoom_out title_position_default title_hover_border_default title-default readmore-btn-default-style grid-hover-overlay-type-always tpg-el-box-border-enable tpg-border-bottom-disable elementor-widget elementor-widget-tpg-grid-layout\" data-id=\"168fe4e\" data-element_type=\"widget\" data-e-type=\"widget\" data-widget_type=\"tpg-grid-layout.default\">\n\t\t\t\t<div class=\"elementor-widget-container\">\n\t\t\t\t\t\t\t<div class=\"rt-container-fluid rt-tpg-container tpg-el-main-wrapper clearfix grid-layout1-main  has-external-link\"\n\t\t\t id=\"rt-tpg-container-3946306959\"\n\t\t\t data-layout=\"grid-layout1\"\n\t\t\t data-grid-style=\"tpg-full-height\"\n\t\t\t data-sc-id=\"elementor\"\n\t\t\t data-el-settings=''\n\t\t\t data-el-query=''\n\t\t\t data-el-path=''\n\t\t>\n\t\t\t\t\t\t<div class='tpg-header-wrapper '>\n\t\t\t\t\n        <div class=\"tpg-widget-heading-wrapper rt-clear heading-style3 \">\n            <span class=\"tpg-widget-heading-line line-left\"><\/span>\n\t\t\t<h1 class='tpg-widget-heading'>\n\t\t\t            <a href=\"https:\/\/sonjarichter.de\/category\/portfolio\/projekte\/forschung\/\"  >\n\t\t\t\t\n\t\t\t\t                    <span>\n\t\t\t\t\t\tForschung &amp; Lehre\t\t\t\t\t<\/span>\n\t\t\t\t\t\n\t\t\t\t            <\/a>\n\n\t\t\t\t\t<\/h1>            <span class=\"tpg-widget-heading-line line-right\"><\/span>\n\n\t\t\t                <a class='external-link' href='https:\/\/sonjarichter.de\/category\/portfolio\/projekte\/forschung\/'  >\n\t\t\t\t\t                        <span class=\"external-lable\">Mehr<\/span>\n\t\t\t\t\t\t\t\t\t\t<i class='left-icon fas fa-angle-right left-icon'><\/i>                <\/a>\n\t\t\t\n        <\/div>\n\n\t\t\n\t\t\t\t\t<\/div>\n\n\t\t\t<div data-title=\"Loading ...\" class=\"rt-row rt-content-loader grid-layout1 grid-behaviour tpg-full-height grid_layout_wrapper\">\n\t\t\t\t<div class=\"rt-col-md-4 rt-col-sm-6 rt-col-xs-12 img_zoom_out rt-grid-item post-2792 post type-post status-publish format-standard has-post-thumbnail hentry category-lehre category-portfolio category-projekte tag-bne tag-freiwilligendienste tag-globales_lernen tag-hochschule entry has-media\"        data-id=\"2792\">\n    <div class=\"rt-holder tpg-post-holder \">\n        <div class=\"rt-detail rt-el-content-wrapper\">\n\t\t\t                <div class=\"rt-img-holder tpg-el-image-wrap has-thumbnail\">\n\t\t\t\t\t<a data-id=\"2792\" href=\"https:\/\/sonjarichter.de\/en\/film-was-bleibt\/\" class=\"tpg-post-link\" target=\"_self\">                        <img fetchpriority=\"high\" decoding=\"async\" src=\"https:\/\/sonjarichter.de\/wp-content\/uploads\/2026\/04\/was-bleibt-horizontal-800x450.jpg\"\n                             class=\"rt-img-responsive\"\n                             width=\"800\"\n                             height=\"450\"\n                             alt=\"&#8222;Was Bleibt?&#8220; Das Auslandsjahr in meinem Leben. Freiwilligendienste als Bildungsr\u00e4ume f\u00fcr nachhaltigkeitsbezogenes Lernen [Film &amp; Gespr\u00e4ch]\">\n\t\t\t\t\t\t\n\t\t\t\t\t\t\t\n\t\t<\/a>\n\t\t        <div class=\"overlay grid-hover-content\"><\/div>\n\t\t                <\/div>\n\t\t\t\n\t\t\t<div class=\"entry-title-wrapper\"><h3 class=\"entry-title\"><a data-id=\"2792\" href=\"https:\/\/sonjarichter.de\/en\/film-was-bleibt\/\" class=\"tpg-post-link\" target=\"_self\">&#8222;Was Bleibt?&#8220; Das Auslandsjahr in meinem Leben. Freiwilligendienste als Bildungsr\u00e4ume f\u00fcr nachhaltigkeitsbezogenes Lernen [Film &amp; Gespr\u00e4ch]<\/a><\/h3><\/div>\n\t\t\t\n\n\t\t\t                <div class=\"tpg-excerpt tpg-el-excerpt\">\n\t\t\t\t\t                        <div class=\"tpg-excerpt-inner\">\n\t\t\t\t\t\t\tWie wirkt ein Freiwilligendienst \u00fcber die konkrete Erfahrung hinaus, und was bleibt eigentlich, wenn das Jahr im Ausland l\u00e4ngst vorbei ist? Mit diesen Fragen besch\u00e4ftigt sich die Veranstaltung \u201eWas bleibt? \u2013 Das Auslandsjahr in meinem Leben\u201c, die Filmvorf\u00fchrung und Gespr\u00e4ch miteinander verbindet. Am...                        <\/div>\n\t\t\t\t\t\t\t\t\t\t                <\/div>\n\t\t\t\n\t\t\t        <div class=\"post-footer\">\n            <div class=\"post-footer\">\n                <div class=\"read-more\">\n\t\t\t\t\t<a data-id=\"2792\" href=\"https:\/\/sonjarichter.de\/en\/film-was-bleibt\/\" class=\"tpg-post-link\" target=\"_self\">Weiterlesen<\/a>                <\/div>\n            <\/div>\n        <\/div>\n\t\t        <\/div>\n    <\/div>\n<\/div>\n<div class=\"rt-col-md-4 rt-col-sm-6 rt-col-xs-12 img_zoom_out rt-grid-item post-2785 post type-post status-publish format-standard has-post-thumbnail hentry category-lehre category-portfolio category-projekte tag-hochschule tag-schule entry has-media\"        data-id=\"2785\">\n    <div class=\"rt-holder tpg-post-holder \">\n        <div class=\"rt-detail rt-el-content-wrapper\">\n\t\t\t                <div class=\"rt-img-holder tpg-el-image-wrap has-thumbnail\">\n\t\t\t\t\t<a data-id=\"2785\" href=\"https:\/\/sonjarichter.de\/en\/diskurswerkstatt\/\" class=\"tpg-post-link\" target=\"_self\">                        <img decoding=\"async\" src=\"https:\/\/sonjarichter.de\/wp-content\/uploads\/2024\/05\/csm_Diskurswerkstatt_Plakat_2025-09-29_1230d59448-1-e1765248054319-800x450.webp\"\n                             class=\"rt-img-responsive\"\n                             width=\"800\"\n                             height=\"450\"\n                             alt=\"Diskurswerkstatt: Nachhaltige Entwicklung interdisziplin\u00e4r! [Vorlesung \/ Transfer]\">\n\t\t\t\t\t\t\n\t\t\t\t\t\t\t\n\t\t<\/a>\n\t\t        <div class=\"overlay grid-hover-content\"><\/div>\n\t\t                <\/div>\n\t\t\t\n\t\t\t<div class=\"entry-title-wrapper\"><h3 class=\"entry-title\"><a data-id=\"2785\" href=\"https:\/\/sonjarichter.de\/en\/diskurswerkstatt\/\" class=\"tpg-post-link\" target=\"_self\">Diskurswerkstatt: Nachhaltige Entwicklung interdisziplin\u00e4r! [Vorlesung \/ Transfer]<\/a><\/h3><\/div>\n\t\t\t\n\n\t\t\t                <div class=\"tpg-excerpt tpg-el-excerpt\">\n\t\t\t\t\t                        <div class=\"tpg-excerpt-inner\">\n\t\t\t\t\t\t\tIm Wintersemester 2025\/26 laden die Universit\u00e4t Bamberg, das Umweltamt der Stadt Bamberg und die vhs Bamberg Stadt zu einer neuen Ausgabe der Diskurswerkstatt \u201eNachhaltige Entwicklung interdisziplin\u00e4r!\u201c ein.Die Reihe bringt Wissenschaft, Praxis und Zivilgesellschaft zusammen, um aktuelle...                        <\/div>\n\t\t\t\t\t\t\t\t\t\t                <\/div>\n\t\t\t\n\t\t\t        <div class=\"post-footer\">\n            <div class=\"post-footer\">\n                <div class=\"read-more\">\n\t\t\t\t\t<a data-id=\"2785\" href=\"https:\/\/sonjarichter.de\/en\/diskurswerkstatt\/\" class=\"tpg-post-link\" target=\"_self\">Weiterlesen<\/a>                <\/div>\n            <\/div>\n        <\/div>\n\t\t        <\/div>\n    <\/div>\n<\/div>\n<div class=\"rt-col-md-4 rt-col-sm-6 rt-col-xs-12 img_zoom_out rt-grid-item post-2691 post type-post status-publish format-standard has-post-thumbnail hentry category-forschung category-portfolio category-praxis category-praxis-vortraege category-vortraege category-wissenschaft tag-bne tag-differenz tag-globales_lernen entry has-media\"        data-id=\"2691\">\n    <div class=\"rt-holder tpg-post-holder \">\n        <div class=\"rt-detail rt-el-content-wrapper\">\n\t\t\t                <div class=\"rt-img-holder tpg-el-image-wrap has-thumbnail\">\n\t\t\t\t\t<a data-id=\"2691\" href=\"https:\/\/sonjarichter.de\/en\/ak-evaluation-2025\/\" class=\"tpg-post-link\" target=\"_self\">                        <img decoding=\"async\" src=\"https:\/\/sonjarichter.de\/wp-content\/uploads\/2025\/07\/1756990906265-800x450.jpeg\"\n                             class=\"rt-img-responsive\"\n                             width=\"800\"\n                             height=\"450\"\n                             alt=\"Teilnehmende Beobachtung als Evaluationsmethode f\u00fcr BNE-Lehre: Jahrestagung AK Evaluation 2025 [Vortrag]\">\n\t\t\t\t\t\t\n\t\t\t\t\t\t\t\n\t\t<\/a>\n\t\t        <div class=\"overlay grid-hover-content\"><\/div>\n\t\t                <\/div>\n\t\t\t\n\t\t\t<div class=\"entry-title-wrapper\"><h3 class=\"entry-title\"><a data-id=\"2691\" href=\"https:\/\/sonjarichter.de\/en\/ak-evaluation-2025\/\" class=\"tpg-post-link\" target=\"_self\">Teilnehmende Beobachtung als Evaluationsmethode f\u00fcr BNE-Lehre: Jahrestagung AK Evaluation 2025 [Vortrag]<\/a><\/h3><\/div>\n\t\t\t\n\n\t\t\t                <div class=\"tpg-excerpt tpg-el-excerpt\">\n\t\t\t\t\t                        <div class=\"tpg-excerpt-inner\">\n\t\t\t\t\t\t\t&#8222;Teilnehmende Beobachtung als Evaluationsmethode entwicklungspolitischer Bildungsarbeit im Kontext von BNE&#8220; Vortrag auf Jahrestagung des AK Evaluation am 5.9.2025 an der Hochschule Bonn-Rhein-Sieg.\u00a0 Am 4. und 5. September 2025 fand an der Hochschule Bonn-Rhein-Sieg die Jahrestagung des...                        <\/div>\n\t\t\t\t\t\t\t\t\t\t                <\/div>\n\t\t\t\n\t\t\t        <div class=\"post-footer\">\n            <div class=\"post-footer\">\n                <div class=\"read-more\">\n\t\t\t\t\t<a data-id=\"2691\" href=\"https:\/\/sonjarichter.de\/en\/ak-evaluation-2025\/\" class=\"tpg-post-link\" target=\"_self\">Weiterlesen<\/a>                <\/div>\n            <\/div>\n        <\/div>\n\t\t        <\/div>\n    <\/div>\n<\/div>\n\t\t\t<\/div>\n\t\t\t\n\t\t<\/div>\n\t\t\t\t\t\t<\/div>\n\t\t\t\t<\/div>\n\t\t\t\t\t<\/div>\n\t\t\t\t<\/div>\n\t\t<div class=\"elementor-element elementor-element-1552777 e-flex e-con-boxed e-con e-parent\" data-id=\"1552777\" data-element_type=\"container\" data-e-type=\"container\" id=\"praxis\">\n\t\t\t\t\t<div class=\"e-con-inner\">\n\t\t\t\t<div class=\"elementor-element elementor-element-df9428c section-title-align-left section-title-style-style3 tpg-wrapper-align-left img_hover_animation_img_zoom_out title_position_default title_hover_border_default title-default readmore-btn-default-style grid-hover-overlay-type-always tpg-el-box-border-enable tpg-border-bottom-disable elementor-widget elementor-widget-tpg-grid-layout\" data-id=\"df9428c\" data-element_type=\"widget\" data-e-type=\"widget\" data-widget_type=\"tpg-grid-layout.default\">\n\t\t\t\t<div class=\"elementor-widget-container\">\n\t\t\t\t\t\t\t<div class=\"rt-container-fluid rt-tpg-container tpg-el-main-wrapper clearfix grid-layout1-main  has-external-link\"\n\t\t\t id=\"rt-tpg-container-1044256493\"\n\t\t\t data-layout=\"grid-layout1\"\n\t\t\t data-grid-style=\"tpg-full-height\"\n\t\t\t data-sc-id=\"elementor\"\n\t\t\t data-el-settings=''\n\t\t\t data-el-query=''\n\t\t\t data-el-path=''\n\t\t>\n\t\t\t\t\t\t<div class='tpg-header-wrapper '>\n\t\t\t\t\n        <div class=\"tpg-widget-heading-wrapper rt-clear heading-style3 \">\n            <span class=\"tpg-widget-heading-line line-left\"><\/span>\n\t\t\t<h1 class='tpg-widget-heading'>\n\t\t\t            <a href=\"https:\/\/sonjarichter.de\/category\/portfolio\/projekte\/praxis\/\"  >\n\t\t\t\t\n\t\t\t\t                    <span>\n\t\t\t\t\t\tPraxis\t\t\t\t\t<\/span>\n\t\t\t\t\t\n\t\t\t\t            <\/a>\n\n\t\t\t\t\t<\/h1>            <span class=\"tpg-widget-heading-line line-right\"><\/span>\n\n\t\t\t                <a class='external-link' href='https:\/\/sonjarichter.de\/category\/portfolio\/projekte\/praxis\/'  >\n\t\t\t\t\t                        <span class=\"external-lable\">Mehr<\/span>\n\t\t\t\t\t\t\t\t\t\t<i class='left-icon fas fa-angle-right left-icon'><\/i>                <\/a>\n\t\t\t\n        <\/div>\n\n\t\t\n\t\t\t\t\t<\/div>\n\n\t\t\t<div data-title=\"Loading ...\" class=\"rt-row rt-content-loader grid-layout1 grid-behaviour tpg-full-height grid_layout_wrapper\">\n\t\t\t\t<div class=\"rt-col-md-4 rt-col-sm-6 rt-col-xs-12 img_zoom_out rt-grid-item post-2691 post type-post status-publish format-standard has-post-thumbnail hentry category-forschung category-portfolio category-praxis category-praxis-vortraege category-vortraege category-wissenschaft tag-bne tag-differenz tag-globales_lernen entry has-media\"        data-id=\"2691\">\n    <div class=\"rt-holder tpg-post-holder \">\n        <div class=\"rt-detail rt-el-content-wrapper\">\n\t\t\t                <div class=\"rt-img-holder tpg-el-image-wrap has-thumbnail\">\n\t\t\t\t\t<a data-id=\"2691\" href=\"https:\/\/sonjarichter.de\/en\/ak-evaluation-2025\/\" class=\"tpg-post-link\" target=\"_self\">                        <img decoding=\"async\" src=\"https:\/\/sonjarichter.de\/wp-content\/uploads\/2025\/07\/1756990906265-800x450.jpeg\"\n                             class=\"rt-img-responsive\"\n                             width=\"800\"\n                             height=\"450\"\n                             alt=\"Teilnehmende Beobachtung als Evaluationsmethode f\u00fcr BNE-Lehre: Jahrestagung AK Evaluation 2025 [Vortrag]\">\n\t\t\t\t\t\t\n\t\t\t\t\t\t\t\n\t\t<\/a>\n\t\t        <div class=\"overlay grid-hover-content\"><\/div>\n\t\t                <\/div>\n\t\t\t\n\t\t\t<div class=\"entry-title-wrapper\"><h3 class=\"entry-title\"><a data-id=\"2691\" href=\"https:\/\/sonjarichter.de\/en\/ak-evaluation-2025\/\" class=\"tpg-post-link\" target=\"_self\">Teilnehmende Beobachtung als Evaluationsmethode f\u00fcr BNE-Lehre: Jahrestagung AK Evaluation 2025 [Vortrag]<\/a><\/h3><\/div>\n\t\t\t\n\n\t\t\t                <div class=\"tpg-excerpt tpg-el-excerpt\">\n\t\t\t\t\t                        <div class=\"tpg-excerpt-inner\">\n\t\t\t\t\t\t\t&#8222;Teilnehmende Beobachtung als Evaluationsmethode entwicklungspolitischer Bildungsarbeit im Kontext von BNE&#8220; Vortrag auf Jahrestagung des AK Evaluation am 5.9.2025 an der Hochschule Bonn-Rhein-Sieg.\u00a0 Am 4. und 5. September 2025 fand an der Hochschule Bonn-Rhein-Sieg die Jahrestagung des...                        <\/div>\n\t\t\t\t\t\t\t\t\t\t                <\/div>\n\t\t\t\n\t\t\t        <div class=\"post-footer\">\n            <div class=\"post-footer\">\n                <div class=\"read-more\">\n\t\t\t\t\t<a data-id=\"2691\" href=\"https:\/\/sonjarichter.de\/en\/ak-evaluation-2025\/\" class=\"tpg-post-link\" target=\"_self\">Weiterlesen<\/a>                <\/div>\n            <\/div>\n        <\/div>\n\t\t        <\/div>\n    <\/div>\n<\/div>\n<div class=\"rt-col-md-4 rt-col-sm-6 rt-col-xs-12 img_zoom_out rt-grid-item post-1803 post type-post status-publish format-standard has-post-thumbnail hentry category-beratung category-praxis category-projekte tag-bne entry has-media\"        data-id=\"1803\">\n    <div class=\"rt-holder tpg-post-holder \">\n        <div class=\"rt-detail rt-el-content-wrapper\">\n\t\t\t                <div class=\"rt-img-holder tpg-el-image-wrap has-thumbnail\">\n\t\t\t\t\t<a data-id=\"1803\" href=\"https:\/\/sonjarichter.de\/en\/beratungsprojekt1\/\" class=\"tpg-post-link\" target=\"_self\">                        <img loading=\"lazy\" decoding=\"async\" src=\"https:\/\/sonjarichter.de\/wp-content\/uploads\/2024\/05\/20230615_131958-800x450.jpg\"\n                             class=\"rt-img-responsive\"\n                             width=\"800\"\n                             height=\"450\"\n                             alt=\"Gemeinsam f\u00fcr die Zukunft &#8211; 17 Ziele f\u00fcr eine nachhaltigere Welt. Ein Brettspiel zu den nachhaltigen Entwicklungszielen [Workshop]\">\n\t\t\t\t\t\t\n\t\t\t\t\t\t\t\n\t\t<\/a>\n\t\t        <div class=\"overlay grid-hover-content\"><\/div>\n\t\t                <\/div>\n\t\t\t\n\t\t\t<div class=\"entry-title-wrapper\"><h3 class=\"entry-title\"><a data-id=\"1803\" href=\"https:\/\/sonjarichter.de\/en\/beratungsprojekt1\/\" class=\"tpg-post-link\" target=\"_self\">Gemeinsam f\u00fcr die Zukunft &#8211; 17 Ziele f\u00fcr eine nachhaltigere Welt. Ein Brettspiel zu den nachhaltigen Entwicklungszielen [Workshop]<\/a><\/h3><\/div>\n\t\t\t\n\n\t\t\t                <div class=\"tpg-excerpt tpg-el-excerpt\">\n\t\t\t\t\t                        <div class=\"tpg-excerpt-inner\">\n\t\t\t\t\t\t\tIm Rahmen des Programms &#8222;Entwicklungsbezogene Bildungsarbeit in Deutschland&#8220; f\u00f6rdert Engagement Global gGmbH Trainings zur Entwicklungspolitischen Bildung f\u00fcr die Bundeswehr. Als Trainerin verbringe ich daher seit 2022 regelm\u00e4\u00dfig Tage mit Offiziersanw\u00e4rter*innen, Offizieren...                        <\/div>\n\t\t\t\t\t\t\t\t\t\t                <\/div>\n\t\t\t\n\t\t\t        <div class=\"post-footer\">\n            <div class=\"post-footer\">\n                <div class=\"read-more\">\n\t\t\t\t\t<a data-id=\"1803\" href=\"https:\/\/sonjarichter.de\/en\/beratungsprojekt1\/\" class=\"tpg-post-link\" target=\"_self\">Weiterlesen<\/a>                <\/div>\n            <\/div>\n        <\/div>\n\t\t        <\/div>\n    <\/div>\n<\/div>\n<div class=\"rt-col-md-4 rt-col-sm-6 rt-col-xs-12 img_zoom_out rt-grid-item post-807 post type-post status-publish format-standard has-post-thumbnail hentry category-portfolio category-praxis category-projekte tag-schule entry has-media\"        data-id=\"807\">\n    <div class=\"rt-holder tpg-post-holder \">\n        <div class=\"rt-detail rt-el-content-wrapper\">\n\t\t\t                <div class=\"rt-img-holder tpg-el-image-wrap has-thumbnail\">\n\t\t\t\t\t<a data-id=\"807\" href=\"https:\/\/sonjarichter.de\/en\/unesco-projektschulen\/\" class=\"tpg-post-link\" target=\"_self\">                        <img loading=\"lazy\" decoding=\"async\" src=\"https:\/\/sonjarichter.de\/wp-content\/uploads\/2024\/05\/DSC0125-800x450.jpg\"\n                             class=\"rt-img-responsive\"\n                             width=\"800\"\n                             height=\"450\"\n                             alt=\"Internationale Schulpartnerschaften der UNESCO-Projektschulen [Auftragsforschung]\">\n\t\t\t\t\t\t\n\t\t\t\t\t\t\t\n\t\t<\/a>\n\t\t        <div class=\"overlay grid-hover-content\"><\/div>\n\t\t                <\/div>\n\t\t\t\n\t\t\t<div class=\"entry-title-wrapper\"><h3 class=\"entry-title\"><a data-id=\"807\" href=\"https:\/\/sonjarichter.de\/en\/unesco-projektschulen\/\" class=\"tpg-post-link\" target=\"_self\">Internationale Schulpartnerschaften der UNESCO-Projektschulen [Auftragsforschung]<\/a><\/h3><\/div>\n\t\t\t\n\n\t\t\t                <div class=\"tpg-excerpt tpg-el-excerpt\">\n\t\t\t\t\t                        <div class=\"tpg-excerpt-inner\">\n\t\t\t\t\t\t\tDie vorliegende Studie von Prof. Dr. Annette Scheunpflug und Sonja Richter von der Universit\u00e4t Bamberg nimmt die internationale Partnerschaftsarbeit der fast 300 deutschen UNESCO-Projektschulen in den Blick. Im Fokus stehen die verschiedenen Formate internationaler Kooperationen und deren...                        <\/div>\n\t\t\t\t\t\t\t\t\t\t                <\/div>\n\t\t\t\n\t\t\t        <div class=\"post-footer\">\n            <div class=\"post-footer\">\n                <div class=\"read-more\">\n\t\t\t\t\t<a data-id=\"807\" href=\"https:\/\/sonjarichter.de\/en\/unesco-projektschulen\/\" class=\"tpg-post-link\" target=\"_self\">Weiterlesen<\/a>                <\/div>\n            <\/div>\n        <\/div>\n\t\t        <\/div>\n    <\/div>\n<\/div>\n\t\t\t<\/div>\n\t\t\t\n\t\t<\/div>\n\t\t\t\t\t\t<\/div>\n\t\t\t\t<\/div>\n\t\t\t\t\t<\/div>\n\t\t\t\t<\/div>\n\t\t<section class=\"elementor-element elementor-element-17c340c e-grid e-con-boxed e-con e-parent\" data-id=\"17c340c\" data-element_type=\"container\" data-e-type=\"container\" data-settings=\"{&quot;background_background&quot;:&quot;classic&quot;}\">\n\t\t\t\t\t<div class=\"e-con-inner\">\n\t\t<div class=\"elementor-element elementor-element-d5ce157 e-con-full e-flex e-con e-child\" data-id=\"d5ce157\" data-element_type=\"container\" data-e-type=\"container\">\n\t\t\t\t<div class=\"elementor-element elementor-element-8b9b169 elementor-align-center elementor-widget elementor-widget-button\" data-id=\"8b9b169\" data-element_type=\"widget\" data-e-type=\"widget\" id=\"download\" data-widget_type=\"button.default\">\n\t\t\t\t<div class=\"elementor-widget-container\">\n\t\t\t\t\t\t\t\t\t<div class=\"elementor-button-wrapper\">\n\t\t\t\t\t<a class=\"elementor-button elementor-button-link elementor-size-sm\" href=\"https:\/\/sonjarichter.de\/wp-content\/uploads\/2025\/09\/Richter_Sonja_PofoWi-Publikationen_Vortraege_Lehre_Stand-15.09.25_ONLINE.pdf\" target=\"_blank\">\n\t\t\t\t\t\t<span class=\"elementor-button-content-wrapper\">\n\t\t\t\t\t\t<span class=\"elementor-button-icon\">\n\t\t\t\t<svg aria-hidden=\"true\" class=\"e-font-icon-svg e-fas-file-download\" viewBox=\"0 0 384 512\" xmlns=\"http:\/\/www.w3.org\/2000\/svg\"><path d=\"M224 136V0H24C10.7 0 0 10.7 0 24v464c0 13.3 10.7 24 24 24h336c13.3 0 24-10.7 24-24V160H248c-13.2 0-24-10.8-24-24zm76.45 211.36l-96.42 95.7c-6.65 6.61-17.39 6.61-24.04 0l-96.42-95.7C73.42 337.29 80.54 320 94.82 320H160v-80c0-8.84 7.16-16 16-16h32c8.84 0 16 7.16 16 16v80h65.18c14.28 0 21.4 17.29 11.27 27.36zM377 105L279.1 7c-4.5-4.5-10.6-7-17-7H256v128h128v-6.1c0-6.3-2.5-12.4-7-16.9z\"><\/path><\/svg>\t\t\t<\/span>\n\t\t\t\t\t\t\t\t\t<span class=\"elementor-button-text\">Portfolio Wissenschaft<\/span>\n\t\t\t\t\t<\/span>\n\t\t\t\t\t<\/a>\n\t\t\t\t<\/div>\n\t\t\t\t\t\t\t\t<\/div>\n\t\t\t\t<\/div>\n\t\t\t\t<\/div>\n\t\t\t\t<div class=\"elementor-element elementor-element-5cb7774 elementor-align-center elementor-widget elementor-widget-button\" data-id=\"5cb7774\" data-element_type=\"widget\" data-e-type=\"widget\" data-widget_type=\"button.default\">\n\t\t\t\t<div class=\"elementor-widget-container\">\n\t\t\t\t\t\t\t\t\t<div class=\"elementor-button-wrapper\">\n\t\t\t\t\t<a class=\"elementor-button elementor-button-link elementor-size-sm\" href=\"https:\/\/sonjarichter.de\/wp-content\/uploads\/2025\/09\/Richter_Sonja_PofoPraxis_-Referenzen-Freiberufliche-Taetigkeiten-Stand-15.09.25.pdf\" target=\"_blank\">\n\t\t\t\t\t\t<span class=\"elementor-button-content-wrapper\">\n\t\t\t\t\t\t<span class=\"elementor-button-icon\">\n\t\t\t\t<svg aria-hidden=\"true\" class=\"e-font-icon-svg e-fas-file-download\" viewBox=\"0 0 384 512\" xmlns=\"http:\/\/www.w3.org\/2000\/svg\"><path d=\"M224 136V0H24C10.7 0 0 10.7 0 24v464c0 13.3 10.7 24 24 24h336c13.3 0 24-10.7 24-24V160H248c-13.2 0-24-10.8-24-24zm76.45 211.36l-96.42 95.7c-6.65 6.61-17.39 6.61-24.04 0l-96.42-95.7C73.42 337.29 80.54 320 94.82 320H160v-80c0-8.84 7.16-16 16-16h32c8.84 0 16 7.16 16 16v80h65.18c14.28 0 21.4 17.29 11.27 27.36zM377 105L279.1 7c-4.5-4.5-10.6-7-17-7H256v128h128v-6.1c0-6.3-2.5-12.4-7-16.9z\"><\/path><\/svg>\t\t\t<\/span>\n\t\t\t\t\t\t\t\t\t<span class=\"elementor-button-text\">Portfolio Praxis<\/span>\n\t\t\t\t\t<\/span>\n\t\t\t\t\t<\/a>\n\t\t\t\t<\/div>\n\t\t\t\t\t\t\t\t<\/div>\n\t\t\t\t<\/div>\n\t\t\t\t\t<\/div>\n\t\t\t\t<\/section>\n\t\t\t\t<\/div>\n\t\t","protected":false},"excerpt":{"rendered":"<p>Portfolio Meine Arbeits- und Forschungsschwerpunkte umfassen Bildungskonzepte rund um Globales Lernen, Bildung f\u00fcr nachhaltige Entwicklung, (Neuro-)diversit\u00e4t und Heterogenit\u00e4t in Schule, Politik und Zivilgesellschaft. Mit fundierter Regionalkompetenz zu Lateinamerika und Subsahara-Afrika bin ich nicht nur in Deutschland, sondern auch weltweit t\u00e4tig. Als freiberufliche Beraterin gestalte ich Fortbildungen f\u00fcr Lehrkr\u00e4fte sowie Fach- und F\u00fchrungskr\u00e4fte an der Schnittstelle [&hellip;]<\/p>\n","protected":false},"author":1,"featured_media":0,"parent":0,"menu_order":0,"comment_status":"closed","ping_status":"closed","template":"","meta":{"ocean_post_layout":"full-screen","ocean_both_sidebars_style":"","ocean_both_sidebars_content_width":0,"ocean_both_sidebars_sidebars_width":0,"ocean_sidebar":"","ocean_second_sidebar":"","ocean_disable_margins":"enable","ocean_add_body_class":"","ocean_shortcode_before_top_bar":"","ocean_shortcode_after_top_bar":"","ocean_shortcode_before_header":"","ocean_shortcode_after_header":"","ocean_has_shortcode":"","ocean_shortcode_after_title":"","ocean_shortcode_before_footer_widgets":"","ocean_shortcode_after_footer_widgets":"","ocean_shortcode_before_footer_bottom":"","ocean_shortcode_after_footer_bottom":"","ocean_display_top_bar":"off","ocean_display_header":"default","ocean_header_style":"","ocean_center_header_left_menu":"","ocean_custom_header_template":"","ocean_custom_logo":0,"ocean_custom_retina_logo":0,"ocean_custom_logo_max_width":0,"ocean_custom_logo_tablet_max_width":0,"ocean_custom_logo_mobile_max_width":0,"ocean_custom_logo_max_height":0,"ocean_custom_logo_tablet_max_height":0,"ocean_custom_logo_mobile_max_height":0,"ocean_header_custom_menu":"","ocean_menu_typo_font_family":"","ocean_menu_typo_font_subset":"","ocean_menu_typo_font_size":0,"ocean_menu_typo_font_size_tablet":0,"ocean_menu_typo_font_size_mobile":0,"ocean_menu_typo_font_size_unit":"px","ocean_menu_typo_font_weight":"","ocean_menu_typo_font_weight_tablet":"","ocean_menu_typo_font_weight_mobile":"","ocean_menu_typo_transform":"","ocean_menu_typo_transform_tablet":"","ocean_menu_typo_transform_mobile":"","ocean_menu_typo_line_height":0,"ocean_menu_typo_line_height_tablet":0,"ocean_menu_typo_line_height_mobile":0,"ocean_menu_typo_line_height_unit":"","ocean_menu_typo_spacing":0,"ocean_menu_typo_spacing_tablet":0,"ocean_menu_typo_spacing_mobile":0,"ocean_menu_typo_spacing_unit":"","ocean_menu_link_color":"","ocean_menu_link_color_hover":"","ocean_menu_link_color_active":"","ocean_menu_link_background":"","ocean_menu_link_hover_background":"","ocean_menu_link_active_background":"","ocean_menu_social_links_bg":"","ocean_menu_social_hover_links_bg":"","ocean_menu_social_links_color":"","ocean_menu_social_hover_links_color":"","ocean_disable_title":"on","ocean_disable_heading":"default","ocean_post_title":"","ocean_post_subheading":"","ocean_post_title_style":"","ocean_post_title_background_color":"","ocean_post_title_background":0,"ocean_post_title_bg_image_position":"","ocean_post_title_bg_image_attachment":"","ocean_post_title_bg_image_repeat":"","ocean_post_title_bg_image_size":"","ocean_post_title_height":0,"ocean_post_title_bg_overlay":0.5,"ocean_post_title_bg_overlay_color":"","ocean_disable_breadcrumbs":"default","ocean_breadcrumbs_color":"","ocean_breadcrumbs_separator_color":"","ocean_breadcrumbs_links_color":"","ocean_breadcrumbs_links_hover_color":"","ocean_display_footer_widgets":"off","ocean_display_footer_bottom":"off","ocean_custom_footer_template":"","footnotes":""},"class_list":["post-23","page","type-page","status-publish","hentry","entry","has-media"],"rttpg_featured_image_url":null,"rttpg_author":{"display_name":"Sonja Richter","author_link":"https:\/\/sonjarichter.de\/en\/author\/web22267729\/"},"rttpg_comment":0,"rttpg_category":"","rttpg_excerpt":"Portfolio Meine Arbeits- und Forschungsschwerpunkte umfassen Bildungskonzepte rund um Globales Lernen, Bildung f\u00fcr nachhaltige Entwicklung, (Neuro-)diversit\u00e4t und Heterogenit\u00e4t in Schule, Politik und Zivilgesellschaft. Mit fundierter Regionalkompetenz zu Lateinamerika und Subsahara-Afrika bin ich nicht nur in Deutschland, sondern auch weltweit t\u00e4tig. Als freiberufliche Beraterin gestalte ich Fortbildungen f\u00fcr Lehrkr\u00e4fte sowie Fach- und F\u00fchrungskr\u00e4fte an der Schnittstelle&hellip;","_links":{"self":[{"href":"https:\/\/sonjarichter.de\/en\/wp-json\/wp\/v2\/pages\/23","targetHints":{"allow":["GET"]}}],"collection":[{"href":"https:\/\/sonjarichter.de\/en\/wp-json\/wp\/v2\/pages"}],"about":[{"href":"https:\/\/sonjarichter.de\/en\/wp-json\/wp\/v2\/types\/page"}],"author":[{"embeddable":true,"href":"https:\/\/sonjarichter.de\/en\/wp-json\/wp\/v2\/users\/1"}],"replies":[{"embeddable":true,"href":"https:\/\/sonjarichter.de\/en\/wp-json\/wp\/v2\/comments?post=23"}],"version-history":[{"count":228,"href":"https:\/\/sonjarichter.de\/en\/wp-json\/wp\/v2\/pages\/23\/revisions"}],"predecessor-version":[{"id":2689,"href":"https:\/\/sonjarichter.de\/en\/wp-json\/wp\/v2\/pages\/23\/revisions\/2689"}],"wp:attachment":[{"href":"https:\/\/sonjarichter.de\/en\/wp-json\/wp\/v2\/media?parent=23"}],"curies":[{"name":"wp","href":"https:\/\/api.w.org\/{rel}","templated":true}]}}